{"id":21749,"date":"2025-01-06T21:17:19","date_gmt":"2025-01-06T20:17:19","guid":{"rendered":"https:\/\/naturisme.be\/?post_type=tribe_events&#038;p=21749"},"modified":"2025-01-06T21:24:25","modified_gmt":"2025-01-06T20:24:25","slug":"natation-lago-rozebroeken-gand-2025","status":"publish","type":"tribe_events","link":"https:\/\/naturisme.be\/fr\/event\/natation-lago-rozebroeken-gand-2025\/","title":{"rendered":"Natation Lago Rozebroeken Gand 2025"},"content":{"rendered":"<p>Une autre f\u00eate de la natation du FBN, cette fois au <strong>Lago rozebroeken de Gand<\/strong>.<\/p>\n<p>Toutes les pr\u00e9-inscriptions seront r\u00e9compens\u00e9es par un bon pour une boisson. Vous pouvez retirer votre bracelet et votre bon pour une boisson au comptoir du FBN \u00e0 l&rsquo;entr\u00e9e sur pr\u00e9sentation de votre carte de membre valide (FBN, NFN, DFK, FFN, BN, INF, &#8230;..), de votre carte d&rsquo;identit\u00e9 et de votre ticket avec code QR. Ce dernier peut \u00eatre imprim\u00e9 sur papier ou sur votre smartphone (sans trop de rayures \ud83d\ude09 ). Chaque code peut \u00eatre scann\u00e9 plusieurs fois, donc ne mettez pas votre QR code sur votre facebook \ud83d\ude09 )<\/p>\n<p>L&rsquo;espace subtropical et les thermes sont ouverts \u00e0 tous les membres (et \u00e0 leurs invit\u00e9s !).<\/p>\n<p>Acc\u00e8s sur pr\u00e9sentation d&rsquo;une carte de membre valide (FBN, NFN, DFK, FFN, BN, INF, &#8230;..) et d&rsquo;une carte d&rsquo;identit\u00e9 ou en tant qu&rsquo;invit\u00e9 accompagn\u00e9 d&rsquo;un membre (*voir r\u00e8glement ci-dessous).<\/p>\n<p>Tarifs<\/p>\n<p>Pr\u00e9vente via la boutique en ligne :<\/p>\n<p>Adultes : \u20ac16,-<\/p>\n<p>Invit\u00e9s : \u20ac18<\/p>\n<p>Enfants -12 ans (\u00e9galement enfant invit\u00e9) : \u20ac11,-<\/p>\n<p>Caisse :\u00a0 ouvert de 18h30 \u00e0 20h30<\/p>\n<p>Adultes : \u20ac19,-<\/p>\n<p>Invit\u00e9s : \u20ac21,-<\/p>\n<p>Enfants -12 ans (\u00e9galement enfant invit\u00e9) : \u20ac12,-<\/p>\n<p>Par s\u00e9curit\u00e9, pas de paiement en esp\u00e8ces!<\/p>\n<p>*Les introducteurs sont admis <strong>une seule fois<\/strong> s&rsquo;ils sont accompagn\u00e9s d&rsquo;un membre affili\u00e9 muni d&rsquo;une carte de membre valide et apr\u00e8s avoir rempli le document \u00ab\u00a0Introducer Info\u00a0\u00bb.<\/p>\n<p>Chaque membre peut amener un couple et leurs enfants en tant qu&rsquo;introducteurs.<\/p>\n","protected":false},"excerpt":{"rendered":"<p>Une autre f\u00eate de la natation du FBN, cette fois au Lago rozebroeken de Gand. Toutes les pr\u00e9-inscriptions seront r\u00e9compens\u00e9es par un bon pour une boisson.<span class=\"excerpt-hellip\"> [\u2026]<\/span><\/p>\n","protected":false},"author":200,"featured_media":23855,"comment_status":"open","ping_status":"closed","template":"","meta":{"_price":"","_stock":"","_tribe_ticket_header":"","_tribe_default_ticket_provider":"Tribe__Tickets_Plus__Commerce__WooCommerce__Main","_tribe_ticket_capacity":"0","_ticket_start_date":"","_ticket_end_date":"","_tribe_ticket_show_description":"","_tribe_ticket_show_not_going":false,"_tribe_ticket_use_global_stock":"","_tribe_ticket_global_stock_level":"","_global_stock_mode":"","_global_stock_cap":"","_tribe_rsvp_for_event":"","_tribe_ticket_going_count":"","_tribe_ticket_not_going_count":"","_tribe_tickets_list":"[]","_tribe_ticket_has_attendee_info_fields":false,"_tribe_events_status":"","_tribe_events_status_reason":"","_tribe_events_is_hybrid":"","_tribe_events_is_virtual":"","_tribe_events_virtual_video_source":"","_tribe_events_virtual_embed_video":"","_tribe_events_virtual_linked_button_text":"","_tribe_events_virtual_linked_button":"","_tribe_events_virtual_show_embed_at":"","_tribe_events_virtual_show_embed_to":[],"_tribe_events_virtual_show_on_event":"","_tribe_events_virtual_show_on_views":"","_tribe_events_virtual_url":"","footnotes":"","_tec_slr_enabled":"","_tec_slr_layout":""},"tags":[],"tribe_events_cat":[116,112],"class_list":["post-21749","tribe_events","type-tribe_events","status-publish","has-post-thumbnail","hentry","tribe_events_cat-fbn-fr","tribe_events_cat-zwemmen-fr","cat_fbn-fr","cat_zwemmen-fr"],"yoast_head":"<!-- This site is optimized with the Yoast SEO plugin v27.5 - https:\/\/yoast.com\/product\/yoast-seo-wordpress\/ -->\n<title>Natation Lago Rozebroeken Gand 2025 - Naturisme<\/title>\n<meta name=\"robots\" content=\"index, follow, max-snippet:-1, max-image-preview:large, max-video-preview:-1\" \/>\n<link rel=\"canonical\" href=\"https:\/\/naturisme.be\/fr\/event\/natation-lago-rozebroeken-gand-2025\/\" \/>\n<meta property=\"og:locale\" content=\"fr_FR\" \/>\n<meta property=\"og:type\" content=\"article\" \/>\n<meta property=\"og:title\" content=\"Natation Lago Rozebroeken Gand 2025 - Naturisme\" \/>\n<meta property=\"og:description\" content=\"Une autre f\u00eate de la natation du FBN, cette fois au Lago rozebroeken de Gand. Toutes les pr\u00e9-inscriptions seront r\u00e9compens\u00e9es par un bon pour une boisson. [\u2026]\" \/>\n<meta property=\"og:url\" content=\"https:\/\/naturisme.be\/fr\/event\/natation-lago-rozebroeken-gand-2025\/\" \/>\n<meta property=\"og:site_name\" content=\"Naturisme\" \/>\n<meta property=\"article:publisher\" content=\"https:\/\/www.facebook.com\/FederationBelgeNaturisme\/\" \/>\n<meta property=\"article:modified_time\" content=\"2025-01-06T20:24:25+00:00\" \/>\n<meta property=\"og:image\" content=\"https:\/\/naturisme.be\/wp-content\/uploads\/2025\/01\/lago2025.jpg\" \/>\n\t<meta property=\"og:image:width\" content=\"595\" \/>\n\t<meta property=\"og:image:height\" content=\"842\" \/>\n\t<meta property=\"og:image:type\" content=\"image\/jpeg\" \/>\n<meta name=\"twitter:card\" content=\"summary_large_image\" \/>\n<meta name=\"twitter:label1\" content=\"Dur\u00e9e de lecture estim\u00e9e\" \/>\n\t<meta name=\"twitter:data1\" content=\"2 minutes\" \/>\n<script type=\"application\/ld+json\" class=\"yoast-schema-graph\">{\"@context\":\"https:\\\/\\\/schema.org\",\"@graph\":[{\"@type\":\"WebPage\",\"@id\":\"https:\\\/\\\/naturisme.be\\\/fr\\\/event\\\/natation-lago-rozebroeken-gand-2025\\\/\",\"url\":\"https:\\\/\\\/naturisme.be\\\/fr\\\/event\\\/natation-lago-rozebroeken-gand-2025\\\/\",\"name\":\"Natation Lago Rozebroeken Gand 2025 - Naturisme\",\"isPartOf\":{\"@id\":\"https:\\\/\\\/naturisme.be\\\/fr\\\/#website\"},\"primaryImageOfPage\":{\"@id\":\"https:\\\/\\\/naturisme.be\\\/fr\\\/event\\\/natation-lago-rozebroeken-gand-2025\\\/#primaryimage\"},\"image\":{\"@id\":\"https:\\\/\\\/naturisme.be\\\/fr\\\/event\\\/natation-lago-rozebroeken-gand-2025\\\/#primaryimage\"},\"thumbnailUrl\":\"https:\\\/\\\/naturisme.be\\\/wp-content\\\/uploads\\\/2025\\\/01\\\/IMG-20251208-WA0006.jpg\",\"datePublished\":\"2025-01-06T20:17:19+00:00\",\"dateModified\":\"2025-01-06T20:24:25+00:00\",\"breadcrumb\":{\"@id\":\"https:\\\/\\\/naturisme.be\\\/fr\\\/event\\\/natation-lago-rozebroeken-gand-2025\\\/#breadcrumb\"},\"inLanguage\":\"fr-FR\",\"potentialAction\":[{\"@type\":\"ReadAction\",\"target\":[\"https:\\\/\\\/naturisme.be\\\/fr\\\/event\\\/natation-lago-rozebroeken-gand-2025\\\/\"]}]},{\"@type\":\"ImageObject\",\"inLanguage\":\"fr-FR\",\"@id\":\"https:\\\/\\\/naturisme.be\\\/fr\\\/event\\\/natation-lago-rozebroeken-gand-2025\\\/#primaryimage\",\"url\":\"https:\\\/\\\/naturisme.be\\\/wp-content\\\/uploads\\\/2025\\\/01\\\/IMG-20251208-WA0006.jpg\",\"contentUrl\":\"https:\\\/\\\/naturisme.be\\\/wp-content\\\/uploads\\\/2025\\\/01\\\/IMG-20251208-WA0006.jpg\",\"width\":1131,\"height\":1600},{\"@type\":\"BreadcrumbList\",\"@id\":\"https:\\\/\\\/naturisme.be\\\/fr\\\/event\\\/natation-lago-rozebroeken-gand-2025\\\/#breadcrumb\",\"itemListElement\":[{\"@type\":\"ListItem\",\"position\":1,\"name\":\"Home\",\"item\":\"https:\\\/\\\/naturisme.be\\\/fr\\\/\"},{\"@type\":\"ListItem\",\"position\":2,\"name\":\"\u00c9v\u00e8nements\",\"item\":\"https:\\\/\\\/naturisme.be\\\/fr\\\/agenda\\\/\"},{\"@type\":\"ListItem\",\"position\":3,\"name\":\"Natation Lago Rozebroeken Gand 2025\"}]},{\"@type\":\"WebSite\",\"@id\":\"https:\\\/\\\/naturisme.be\\\/fr\\\/#website\",\"url\":\"https:\\\/\\\/naturisme.be\\\/fr\\\/\",\"name\":\"Naturisme\",\"description\":\"Federatie van Belgische naturisten\",\"publisher\":{\"@id\":\"https:\\\/\\\/naturisme.be\\\/fr\\\/#organization\"},\"potentialAction\":[{\"@type\":\"SearchAction\",\"target\":{\"@type\":\"EntryPoint\",\"urlTemplate\":\"https:\\\/\\\/naturisme.be\\\/fr\\\/?s={search_term_string}\"},\"query-input\":{\"@type\":\"PropertyValueSpecification\",\"valueRequired\":true,\"valueName\":\"search_term_string\"}}],\"inLanguage\":\"fr-FR\"},{\"@type\":\"Organization\",\"@id\":\"https:\\\/\\\/naturisme.be\\\/fr\\\/#organization\",\"name\":\"Naturisme\",\"url\":\"https:\\\/\\\/naturisme.be\\\/fr\\\/\",\"logo\":{\"@type\":\"ImageObject\",\"inLanguage\":\"fr-FR\",\"@id\":\"https:\\\/\\\/naturisme.be\\\/fr\\\/#\\\/schema\\\/logo\\\/image\\\/\",\"url\":\"https:\\\/\\\/naturisme.be\\\/wp-content\\\/uploads\\\/2019\\\/03\\\/fbn-zoekt-webmaster.jpg\",\"contentUrl\":\"https:\\\/\\\/naturisme.be\\\/wp-content\\\/uploads\\\/2019\\\/03\\\/fbn-zoekt-webmaster.jpg\",\"width\":260,\"height\":273,\"caption\":\"Naturisme\"},\"image\":{\"@id\":\"https:\\\/\\\/naturisme.be\\\/fr\\\/#\\\/schema\\\/logo\\\/image\\\/\"},\"sameAs\":[\"https:\\\/\\\/www.facebook.com\\\/FederationBelgeNaturisme\\\/\"]}]}<\/script>\n<!-- \/ Yoast SEO plugin. -->","yoast_head_json":{"title":"Natation Lago Rozebroeken Gand 2025 - Naturisme","robots":{"index":"index","follow":"follow","max-snippet":"max-snippet:-1","max-image-preview":"max-image-preview:large","max-video-preview":"max-video-preview:-1"},"canonical":"https:\/\/naturisme.be\/fr\/event\/natation-lago-rozebroeken-gand-2025\/","og_locale":"fr_FR","og_type":"article","og_title":"Natation Lago Rozebroeken Gand 2025 - Naturisme","og_description":"Une autre f\u00eate de la natation du FBN, cette fois au Lago rozebroeken de Gand. Toutes les pr\u00e9-inscriptions seront r\u00e9compens\u00e9es par un bon pour une boisson. [\u2026]","og_url":"https:\/\/naturisme.be\/fr\/event\/natation-lago-rozebroeken-gand-2025\/","og_site_name":"Naturisme","article_publisher":"https:\/\/www.facebook.com\/FederationBelgeNaturisme\/","article_modified_time":"2025-01-06T20:24:25+00:00","og_image":[{"width":595,"height":842,"url":"https:\/\/naturisme.be\/wp-content\/uploads\/2025\/01\/lago2025.jpg","type":"image\/jpeg"}],"twitter_card":"summary_large_image","twitter_misc":{"Dur\u00e9e de lecture estim\u00e9e":"2 minutes"},"schema":{"@context":"https:\/\/schema.org","@graph":[{"@type":"WebPage","@id":"https:\/\/naturisme.be\/fr\/event\/natation-lago-rozebroeken-gand-2025\/","url":"https:\/\/naturisme.be\/fr\/event\/natation-lago-rozebroeken-gand-2025\/","name":"Natation Lago Rozebroeken Gand 2025 - Naturisme","isPartOf":{"@id":"https:\/\/naturisme.be\/fr\/#website"},"primaryImageOfPage":{"@id":"https:\/\/naturisme.be\/fr\/event\/natation-lago-rozebroeken-gand-2025\/#primaryimage"},"image":{"@id":"https:\/\/naturisme.be\/fr\/event\/natation-lago-rozebroeken-gand-2025\/#primaryimage"},"thumbnailUrl":"https:\/\/naturisme.be\/wp-content\/uploads\/2025\/01\/IMG-20251208-WA0006.jpg","datePublished":"2025-01-06T20:17:19+00:00","dateModified":"2025-01-06T20:24:25+00:00","breadcrumb":{"@id":"https:\/\/naturisme.be\/fr\/event\/natation-lago-rozebroeken-gand-2025\/#breadcrumb"},"inLanguage":"fr-FR","potentialAction":[{"@type":"ReadAction","target":["https:\/\/naturisme.be\/fr\/event\/natation-lago-rozebroeken-gand-2025\/"]}]},{"@type":"ImageObject","inLanguage":"fr-FR","@id":"https:\/\/naturisme.be\/fr\/event\/natation-lago-rozebroeken-gand-2025\/#primaryimage","url":"https:\/\/naturisme.be\/wp-content\/uploads\/2025\/01\/IMG-20251208-WA0006.jpg","contentUrl":"https:\/\/naturisme.be\/wp-content\/uploads\/2025\/01\/IMG-20251208-WA0006.jpg","width":1131,"height":1600},{"@type":"BreadcrumbList","@id":"https:\/\/naturisme.be\/fr\/event\/natation-lago-rozebroeken-gand-2025\/#breadcrumb","itemListElement":[{"@type":"ListItem","position":1,"name":"Home","item":"https:\/\/naturisme.be\/fr\/"},{"@type":"ListItem","position":2,"name":"\u00c9v\u00e8nements","item":"https:\/\/naturisme.be\/fr\/agenda\/"},{"@type":"ListItem","position":3,"name":"Natation Lago Rozebroeken Gand 2025"}]},{"@type":"WebSite","@id":"https:\/\/naturisme.be\/fr\/#website","url":"https:\/\/naturisme.be\/fr\/","name":"Naturisme","description":"Federatie van Belgische naturisten","publisher":{"@id":"https:\/\/naturisme.be\/fr\/#organization"},"potentialAction":[{"@type":"SearchAction","target":{"@type":"EntryPoint","urlTemplate":"https:\/\/naturisme.be\/fr\/?s={search_term_string}"},"query-input":{"@type":"PropertyValueSpecification","valueRequired":true,"valueName":"search_term_string"}}],"inLanguage":"fr-FR"},{"@type":"Organization","@id":"https:\/\/naturisme.be\/fr\/#organization","name":"Naturisme","url":"https:\/\/naturisme.be\/fr\/","logo":{"@type":"ImageObject","inLanguage":"fr-FR","@id":"https:\/\/naturisme.be\/fr\/#\/schema\/logo\/image\/","url":"https:\/\/naturisme.be\/wp-content\/uploads\/2019\/03\/fbn-zoekt-webmaster.jpg","contentUrl":"https:\/\/naturisme.be\/wp-content\/uploads\/2019\/03\/fbn-zoekt-webmaster.jpg","width":260,"height":273,"caption":"Naturisme"},"image":{"@id":"https:\/\/naturisme.be\/fr\/#\/schema\/logo\/image\/"},"sameAs":["https:\/\/www.facebook.com\/FederationBelgeNaturisme\/"]}]}},"ticketed":false,"_links":{"self":[{"href":"https:\/\/naturisme.be\/fr\/wp-json\/wp\/v2\/tribe_events\/21749","targetHints":{"allow":["GET"]}}],"collection":[{"href":"https:\/\/naturisme.be\/fr\/wp-json\/wp\/v2\/tribe_events"}],"about":[{"href":"https:\/\/naturisme.be\/fr\/wp-json\/wp\/v2\/types\/tribe_events"}],"author":[{"embeddable":true,"href":"https:\/\/naturisme.be\/fr\/wp-json\/wp\/v2\/users\/200"}],"replies":[{"embeddable":true,"href":"https:\/\/naturisme.be\/fr\/wp-json\/wp\/v2\/comments?post=21749"}],"version-history":[{"count":1,"href":"https:\/\/naturisme.be\/fr\/wp-json\/wp\/v2\/tribe_events\/21749\/revisions"}],"predecessor-version":[{"id":21750,"href":"https:\/\/naturisme.be\/fr\/wp-json\/wp\/v2\/tribe_events\/21749\/revisions\/21750"}],"wp:featuredmedia":[{"embeddable":true,"href":"https:\/\/naturisme.be\/fr\/wp-json\/wp\/v2\/media\/23855"}],"wp:attachment":[{"href":"https:\/\/naturisme.be\/fr\/wp-json\/wp\/v2\/media?parent=21749"}],"wp:term":[{"taxonomy":"post_tag","embeddable":true,"href":"https:\/\/naturisme.be\/fr\/wp-json\/wp\/v2\/tags?post=21749"},{"taxonomy":"tribe_events_cat","embeddable":true,"href":"https:\/\/naturisme.be\/fr\/wp-json\/wp\/v2\/tribe_events_cat?post=21749"}],"curies":[{"name":"wp","href":"https:\/\/api.w.org\/{rel}","templated":true}]}}